{"id":327,"date":"2024-03-24T10:30:15","date_gmt":"2024-03-24T09:30:15","guid":{"rendered":"https:\/\/nudeoexpo.art\/NoMore.photo\/?page_id=327"},"modified":"2024-10-13T11:10:28","modified_gmt":"2024-10-13T09:10:28","slug":"photo-world","status":"publish","type":"page","link":"https:\/\/nudeoexpo.art\/NoMore.photo\/photo-world\/","title":{"rendered":"Photo World"},"content":{"rendered":"  <div id=\"page-header-1462124912\" class=\"page-header-wrapper\">\n  <div class=\"page-title dark featured-title\">\n\n        <div class=\"page-title-bg\">\n      <div class=\"title-bg fill bg-fill\"\n        data-parallax-container=\".page-title\"\n        data-parallax-background\n        data-parallax=\"-\">\n      <\/div>\n      <div class=\"title-overlay fill\"><\/div>\n    <\/div>\n    \n    <div class=\"page-title-inner container align-center text-center flex-row-col medium-flex-wrap\" >\n              <div class=\"title-wrapper flex-col\">\n          <h1 class=\"entry-title mb-0\">\n            Actualit\u00e9s du Monde de la Photo          <\/h1>\n        <\/div>\n                    <div class=\"title-content flex-col\">\n        <div class=\"title-breadcrumbs pb-half pt-half\"><\/div>      <\/div>\n    <\/div>\n\n     \n<style>\n#page-header-1462124912 .title-bg {\n  background-image: url(https:\/\/nudeoexpo.art\/NoMore.photo\/wp-content\/uploads\/Matos.jpg);\n}\n<\/style>\n  <\/div>\n    <\/div>\n  \n<div class=\"is-divider divider clearfix\" ><\/div>\n<div class=\"row row-full-width\"  id=\"row-1735676764\">\n\n\t<div id=\"col-1978536929\" class=\"col medium-6 large-6\"  >\n\t\t\t\t<div class=\"col-inner\"  >\n\t\t\t\n\t\t\t\n<h2 style=\"text-align: center;\">PetaPixel<\/h2>\n<div class=\"feedzy-a04d7a0fac994b5113914c404bc461b2 feedzy-rss\"><ul><li  style=\"padding: 15px 0 25px\" class=\"rss_item\"><div class=\"rss_image\" style=\"height:150px;width:150px;\"><a href=\"https:\/\/petapixel.com\/2026\/09\/02\/underwater-camera-captures-shrimp-like-fish-walking-backward-for-the-first-time\/\" target=\"_blank\" rel=\" noopener\" title=\"Underwater Camera Captures a Fish Walking Backward for the First Time\" style=\"height:150px;width:150px;\"><img alt=\" \"decoding=\"async\" src=\"https:\/\/petapixel.com\/assets\/uploads\/2026\/09\/shrimp-fish-walking-backwards-.jpg\" title=\" \" style=\"height:150px;width:150px;\"><\/a><\/div><span class=\"title\"><a href=\"https:\/\/petapixel.com\/2026\/09\/02\/underwater-camera-captures-shrimp-like-fish-walking-backward-for-the-first-time\/\" target=\"_blank\" rel=\" noopener\">Underwater Camera Captures a Fish Walking Backward for the First Time<\/a><\/span><div class=\"rss_content\" style=\"\"><small>par <a href=\"\/\/petapixel.com\" target=\"_blank\" title=\"petapixel.com\">Pesala Bandara<\/a> le 2 septembre 2026 \u00e0 11h53 <\/small><p>A team of scientists filmed a shrimp-like fish walking both sideways and backward in first-ever footage of such behavior in a fish.\n[Read More]<\/p><\/div><\/li><li  style=\"padding: 15px 0 25px\" class=\"rss_item\"><div class=\"rss_image\" style=\"height:150px;width:150px;\"><a href=\"https:\/\/petapixel.com\/2026\/09\/02\/real-estate-photographers-drone-blasted-out-of-the-sky\/\" target=\"_blank\" rel=\" noopener\" title=\"Real Estate Photographer\u2019s Drone Blasted Out of the Sky\" style=\"height:150px;width:150px;\"><img alt=\" \"decoding=\"async\" src=\"https:\/\/petapixel.com\/assets\/uploads\/2026\/09\/Man-Shooting-Down-Drone.jpg\" title=\" \" style=\"height:150px;width:150px;\"><\/a><\/div><span class=\"title\"><a href=\"https:\/\/petapixel.com\/2026\/09\/02\/real-estate-photographers-drone-blasted-out-of-the-sky\/\" target=\"_blank\" rel=\" noopener\">Real Estate Photographer\u2019s Drone Blasted Out of the Sky<\/a><\/span><div class=\"rss_content\" style=\"\"><small>par <a href=\"\/\/petapixel.com\" target=\"_blank\" title=\"petapixel.com\">Matt Growcoot<\/a> le 2 septembre 2026 \u00e0 11h00 <\/small><p>A real estate photographer in Alabama had his drone shot down and is now working with authorities, hoping to identify the shooter.\n[Read More]<\/p><\/div><\/li><li  style=\"padding: 15px 0 25px\" class=\"rss_item\"><div class=\"rss_image\" style=\"height:150px;width:150px;\"><a href=\"https:\/\/petapixel.com\/2026\/09\/02\/court-orders-sports-photography-festival-to-reinstate-gaza-soccer-photo-that-was-removed\/\" target=\"_blank\" rel=\" noopener\" title=\"Court Orders Sports Photography Festival to Reinstate Gaza Soccer Photo\" style=\"height:150px;width:150px;\"><img alt=\" \"decoding=\"async\" src=\"https:\/\/petapixel.com\/assets\/uploads\/2026\/08\/featured-gaza-soccer.jpg\" title=\" \" style=\"height:150px;width:150px;\"><\/a><\/div><span class=\"title\"><a href=\"https:\/\/petapixel.com\/2026\/09\/02\/court-orders-sports-photography-festival-to-reinstate-gaza-soccer-photo-that-was-removed\/\" target=\"_blank\" rel=\" noopener\">Court Orders Sports Photography Festival to Reinstate Gaza Soccer Photo<\/a><\/span><div class=\"rss_content\" style=\"\"><small>par <a href=\"\/\/petapixel.com\" target=\"_blank\" title=\"petapixel.com\">Pesala Bandara<\/a> le 2 septembre 2026 \u00e0 10h54 <\/small><p>A court has ordered a sports photography festival to reinstate an Associated Press photographer\u2019s image of a soccer game in Gaza after organizers [&hellip;]<\/p><\/div><\/li><li  style=\"padding: 15px 0 25px\" class=\"rss_item\"><div class=\"rss_image\" style=\"height:150px;width:150px;\"><a href=\"https:\/\/petapixel.com\/2026\/09\/01\/meta-claims-to-have-bricked-thousands-of-smart-glasses\/\" target=\"_blank\" rel=\" noopener\" title=\"Meta Claims to Have Bricked Thousands of Smart Glasses\" style=\"height:150px;width:150px;\"><img alt=\" \"decoding=\"async\" src=\"https:\/\/petapixel.com\/assets\/uploads\/2026\/09\/Meta-Glasses.jpg\" title=\" \" style=\"height:150px;width:150px;\"><\/a><\/div><span class=\"title\"><a href=\"https:\/\/petapixel.com\/2026\/09\/01\/meta-claims-to-have-bricked-thousands-of-smart-glasses\/\" target=\"_blank\" rel=\" noopener\">Meta Claims to Have Bricked Thousands of Smart Glasses<\/a><\/span><div class=\"rss_content\" style=\"\"><small>par <a href=\"\/\/petapixel.com\" target=\"_blank\" title=\"petapixel.com\">Matt Growcoot<\/a> le 2 septembre 2026 \u00e0 6h50 <\/small><p>Meta claims that it has disabled the camera on thousands of pairs of smart glasses that the company detected had been tampered with.\n[Read More]<\/p><\/div><\/li><li  style=\"padding: 15px 0 25px\" class=\"rss_item\"><div class=\"rss_image\" style=\"height:150px;width:150px;\"><a href=\"https:\/\/petapixel.com\/2026\/09\/01\/the-colorchecker-a-photographers-best-and-most-colorful-friend-turns-50-years-old\/\" target=\"_blank\" rel=\" noopener\" title=\"The ColorChecker, a Photographer\u2019s Best and Most Colorful Friend, Turns 50 Years Old\" style=\"height:150px;width:150px;\"><img alt=\" \"decoding=\"async\" src=\"https:\/\/petapixel.com\/assets\/uploads\/2026\/08\/ColorChecker-50th-4up-0472Edit-calibrite.jpg\" title=\" \" style=\"height:150px;width:150px;\"><\/a><\/div><span class=\"title\"><a href=\"https:\/\/petapixel.com\/2026\/09\/01\/the-colorchecker-a-photographers-best-and-most-colorful-friend-turns-50-years-old\/\" target=\"_blank\" rel=\" noopener\">The ColorChecker, a Photographer\u2019s Best and Most Colorful Friend, Turns 50 Years Old<\/a><\/span><div class=\"rss_content\" style=\"\"><small>par <a href=\"\/\/petapixel.com\" target=\"_blank\" title=\"petapixel.com\">Jeremy Gray<\/a> le 1 septembre 2026 \u00e0 18h54 <\/small><p>For 50 years, the Calibrite ColorChecker has been helping photographers worldwide accurately capture color. The ColorChecker's 24 squares have kept [&hellip;]<\/p><\/div><\/li><\/ul> <\/div><style type=\"text\/css\" media=\"all\">.feedzy-rss .rss_item .rss_image{float:left;position:relative;border:none;text-decoration:none;max-width:100%}.feedzy-rss .rss_item .rss_image span{display:inline-block;position:absolute;width:100%;height:100%;background-position:50%;background-size:cover}.feedzy-rss .rss_item .rss_image{margin:.3em 1em 0 0;content-visibility:auto}.feedzy-rss ul{list-style:none}.feedzy-rss ul li{display:inline-block}<\/style>\n\t\t<\/div>\n\t\t\t\t\t<\/div>\n\n\t\n\n\t<div id=\"col-156619161\" class=\"col medium-6 large-6\"  >\n\t\t\t\t<div class=\"col-inner\"  >\n\t\t\t\n\t\t\t\n<h2 style=\"text-align: center;\">phototrend<\/h2>\n<div class=\"feedzy-a934d062bf4b6706b9482a87cc31e6ef feedzy-rss\"><ul><li  style=\"padding: 15px 0 25px\" class=\"rss_item\"><div class=\"rss_image\" style=\"height:150px;width:150px;\"><a href=\"https:\/\/phototrend.fr\/2026\/09\/gopro-rachet-starman-optical\/\" target=\"_blank\" rel=\" noopener\" title=\"GoPro rachet\u00e9e par Starman Optical : cap sur l\u2019IA, les data centers et la d\u00e9fense\" style=\"height:150px;width:150px;\"><img alt=\" \"decoding=\"async\" src=\"https:\/\/phototrend.fr\/wp-content\/uploads\/2026\/09\/rachat-gopro-starman-940x628.jpg\" title=\" \" style=\"height:150px;width:150px;\"><\/a><\/div><span class=\"title\"><a href=\"https:\/\/phototrend.fr\/2026\/09\/gopro-rachet-starman-optical\/\" target=\"_blank\" rel=\" noopener\">GoPro rachet\u00e9e par Starman Optical : cap sur l\u2019IA, les data centers et la d\u00e9fense<\/a><\/span><div class=\"rss_content\" style=\"\"><small>par <a href=\"\/\/phototrend.fr\" target=\"_blank\" title=\"phototrend.fr\">Jean-Nicolas Lehec<\/a> le 2 septembre 2026 \u00e0 10h07 <\/small><p>GoPro passe sous le contr\u00f4le de Starman Optical dans une fusion \u00e0 285 M$ qui r\u00e9oriente la marque vers l'IA, les data centers et la d\u00e9fense.\n\n\u00a9 [&hellip;]<\/p><\/div><\/li><li  style=\"padding: 15px 0 25px\" class=\"rss_item\"><div class=\"rss_image\" style=\"height:150px;width:150px;\"><a href=\"https:\/\/phototrend.fr\/2026\/09\/sigma-aizu-prime-21mm-100mm-125mm-t1-3\/\" target=\"_blank\" rel=\" noopener\" title=\"Sigma Aizu Prime : trois nouvelles focales cin\u00e9 21, 100 et 125 mm T1.3\" style=\"height:150px;width:150px;\"><img alt=\" \"decoding=\"async\" src=\"https:\/\/phototrend.fr\/wp-content\/uploads\/2026\/09\/objectifs-sigma_aizuprime_21_125_100_t13-940x626.jpg\" title=\" \" style=\"height:150px;width:150px;\"><\/a><\/div><span class=\"title\"><a href=\"https:\/\/phototrend.fr\/2026\/09\/sigma-aizu-prime-21mm-100mm-125mm-t1-3\/\" target=\"_blank\" rel=\" noopener\">Sigma Aizu Prime : trois nouvelles focales cin\u00e9 21, 100 et 125 mm T1.3<\/a><\/span><div class=\"rss_content\" style=\"\"><small>par <a href=\"\/\/phototrend.fr\" target=\"_blank\" title=\"phototrend.fr\">Damien Rou\u00e9<\/a> le 2 septembre 2026 \u00e0 6h22 <\/small><p>Sigma compl\u00e8te sa gamme d'objectifs cin\u00e9ma grand format Aizu Prime avec trois nouvelles focales \u00e0 T1.3 : un 21 mm, un 100 mm et un 125 mm. La [&hellip;]<\/p><\/div><\/li><li  style=\"padding: 15px 0 25px\" class=\"rss_item\"><div class=\"rss_image\" style=\"height:150px;width:150px;\"><a href=\"https:\/\/phototrend.fr\/2026\/09\/geekom-ifa-2026-mini-pc-ia-locale\/\" target=\"_blank\" rel=\" noopener\" title=\"IFA 2026 : Geekom relie quatre mini PC pour faire tourner l\u2019IA en local\" style=\"height:150px;width:150px;\"><img alt=\" \"decoding=\"async\" src=\"https:\/\/phototrend.fr\/wp-content\/uploads\/2026\/09\/geekom-mini-pc-local-ai-1-940x529.jpg\" title=\" \" style=\"height:150px;width:150px;\"><\/a><\/div><span class=\"title\"><a href=\"https:\/\/phototrend.fr\/2026\/09\/geekom-ifa-2026-mini-pc-ia-locale\/\" target=\"_blank\" rel=\" noopener\">IFA 2026 : Geekom relie quatre mini PC pour faire tourner l\u2019IA en local<\/a><\/span><div class=\"rss_content\" style=\"\"><small>par <a href=\"\/\/phototrend.fr\" target=\"_blank\" title=\"phototrend.fr\">Damien Rou\u00e9<\/a> le 2 septembre 2026 \u00e0 5h48 <\/small><p>Geekom revient \u00e0 l'IFA 2026 avec une solution d'IA locale distribu\u00e9e \u00e0 base de quatre mini PC A9 Mega, une nouvelle configuration Ryzen AI Max+ [&hellip;]<\/p><\/div><\/li><li  style=\"padding: 15px 0 25px\" class=\"rss_item\"><div class=\"rss_image\" style=\"height:150px;width:150px;\"><a href=\"https:\/\/phototrend.fr\/2026\/09\/dxo-photolab-10\/\" target=\"_blank\" rel=\" noopener\" title=\"DxO PhotoLab 10 : am\u00e9lioration des masques IA, color grading et suppression auto des poussi\u00e8res\" style=\"height:150px;width:150px;\"><img alt=\" \"decoding=\"async\" src=\"https:\/\/phototrend.fr\/wp-content\/uploads\/2026\/08\/dxo-photolab-10-fr-septembre2026-c-940x626.jpg\" title=\" \" style=\"height:150px;width:150px;\"><\/a><\/div><span class=\"title\"><a href=\"https:\/\/phototrend.fr\/2026\/09\/dxo-photolab-10\/\" target=\"_blank\" rel=\" noopener\">DxO PhotoLab 10 : am\u00e9lioration des masques IA, color grading et suppression auto des poussi\u00e8res<\/a><\/span><div class=\"rss_content\" style=\"\"><small>par <a href=\"\/\/phototrend.fr\" target=\"_blank\" title=\"phototrend.fr\">Jean-Nicolas Lehec<\/a> le 1 septembre 2026 \u00e0 13h00 <\/small><p>DxO d\u00e9voile PhotoLab 10, une mise \u00e0 jour qui peaufine les masques IA et emprunte plusieurs outils \u00e0 la Nik Collection et \u00e0 PureRAW.\n\n\u00a9 2026 [&hellip;]<\/p><\/div><\/li><li  style=\"padding: 15px 0 25px\" class=\"rss_item\"><div class=\"rss_image\" style=\"height:150px;width:150px;\"><a href=\"https:\/\/phototrend.fr\/2026\/09\/jean-francois-leroy-mort-fondateur-visa-pour-l-image\/\" target=\"_blank\" rel=\" noopener\" title=\"Mort de Jean-Fran\u00e7ois Leroy : le fondateur de Visa pour l\u2019Image, qui a fait de Perpignan la capitale du photojournalisme\" style=\"height:150px;width:150px;\"><img alt=\" \"decoding=\"async\" src=\"https:\/\/phototrend.fr\/wp-content\/uploads\/2026\/09\/jean-francois_leroy_par_claude_truong-ngoc_septembre_2019-940x627.jpg\" title=\" \" style=\"height:150px;width:150px;\"><\/a><\/div><span class=\"title\"><a href=\"https:\/\/phototrend.fr\/2026\/09\/jean-francois-leroy-mort-fondateur-visa-pour-l-image\/\" target=\"_blank\" rel=\" noopener\">Mort de Jean-Fran\u00e7ois Leroy : le fondateur de Visa pour l\u2019Image, qui a fait de Perpignan la capitale du photojournalisme<\/a><\/span><div class=\"rss_content\" style=\"\"><small>par <a href=\"\/\/phototrend.fr\" target=\"_blank\" title=\"phototrend.fr\">Damien Rou\u00e9<\/a> le 1 septembre 2026 \u00e0 7h23 <\/small><p>Le fondateur de Visa pour l'Image s'est \u00e9teint \u00e0 69 ans, deux jours apr\u00e8s l'ouverture de la 38e \u00e9dition. Portrait d'un d\u00e9fenseur intransigeant [&hellip;]<\/p><\/div><\/li><\/ul> <\/div><style type=\"text\/css\" media=\"all\">.feedzy-rss .rss_item .rss_image{float:left;position:relative;border:none;text-decoration:none;max-width:100%}.feedzy-rss .rss_item .rss_image span{display:inline-block;position:absolute;width:100%;height:100%;background-position:50%;background-size:cover}.feedzy-rss .rss_item .rss_image{margin:.3em 1em 0 0;content-visibility:auto}.feedzy-rss ul{list-style:none}.feedzy-rss ul li{display:inline-block}<\/style>\n\t\t<\/div>\n\t\t\t\t\t<\/div>\n\n\t\n<\/div>\n<div class=\"row row-full-width\"  id=\"row-1351412754\">\n\n\t<div id=\"col-578644349\" class=\"col medium-6 large-6\"  >\n\t\t\t\t<div class=\"col-inner\"  >\n\t\t\t\n\t\t\t\n<h2 style=\"text-align: center;\">Comp\u00e9tence Photo<\/h2>\n<div class=\"feedzy-6c5090f46fc8924f2c9f41b68a2b6e21 feedzy-rss\"><ul>Le flux ne contient aucun \u00e9l\u00e9ment.<\/ul> <\/div>\n\t\t<\/div>\n\t\t\t\t\t<\/div>\n\n\t\n\n\t<div id=\"col-740805323\" class=\"col medium-6 large-6\"  >\n\t\t\t\t<div class=\"col-inner\"  >\n\t\t\t\n\t\t\t\n<h2 style=\"text-align: center;\">POLKA<\/h2>\n<div class=\"feedzy-5619ae187379804f20fc0574a59c63dc feedzy-rss\"><ul><li  style=\"padding: 15px 0 25px\" class=\"rss_item\"><div class=\"rss_image\" style=\"height:150px;width:150px;\"><a href=\"https:\/\/www.polkamagazine.com\/leroy-est-mort-vive-le-photojournalisme\/\" target=\"_blank\" rel=\" noopener\" title=\"Leroy est mort, vive le photojournalisme !\" style=\"height:150px;width:150px;\"><img alt=\" \"decoding=\"async\" src=\"https:\/\/wp.upacphotoclub.fr\/wp-content\/uploads\/Polka.jpg\" title=\" \" style=\"height:150px;width:150px;\"><\/a><\/div><span class=\"title\"><a href=\"https:\/\/www.polkamagazine.com\/leroy-est-mort-vive-le-photojournalisme\/\" target=\"_blank\" rel=\" noopener\">Leroy est mort, vive le photojournalisme !<\/a><\/span><div class=\"rss_content\" style=\"\"><small>par <a href=\"\/\/www.polkamagazine.com\" target=\"_blank\" title=\"www.polkamagazine.com\">Dimitri Beck<\/a> le 31 ao\u00fbt 2026 \u00e0 10h49 <\/small><p>L\u2019article Leroy est mort, vive le photojournalisme ! est apparu en premier sur Polka Magazine.<\/p><\/div><\/li><li  style=\"padding: 15px 0 25px\" class=\"rss_item\"><div class=\"rss_image\" style=\"height:150px;width:150px;\"><a href=\"https:\/\/www.polkamagazine.com\/prolongation-pink-ribbon-photo-award-by-estee-lauder-companies-un-nouveau-souffle-pour-la-15e-edition\/\" target=\"_blank\" rel=\" noopener\" title=\"[PROLONGATION] Pink Ribbon Photo Award by Est\u00e9e Lauder Companies. Un nouveau souffle pour la 15e \u00e9dition\" style=\"height:150px;width:150px;\"><img alt=\" \"decoding=\"async\" src=\"https:\/\/wp.upacphotoclub.fr\/wp-content\/uploads\/Polka.jpg\" title=\" \" style=\"height:150px;width:150px;\"><\/a><\/div><span class=\"title\"><a href=\"https:\/\/www.polkamagazine.com\/prolongation-pink-ribbon-photo-award-by-estee-lauder-companies-un-nouveau-souffle-pour-la-15e-edition\/\" target=\"_blank\" rel=\" noopener\">[PROLONGATION] Pink Ribbon Photo Award by Est\u00e9e Lauder Companies. Un nouveau souffle pour la 15e \u00e9dition<\/a><\/span><div class=\"rss_content\" style=\"\"><small>par <a href=\"\/\/www.polkamagazine.com\" target=\"_blank\" title=\"www.polkamagazine.com\">L\u00e9onor Matet<\/a> le 28 ao\u00fbt 2026 \u00e0 9h11 <\/small><p>L\u2019article [PROLONGATION] Pink Ribbon Photo Award by Est\u00e9e Lauder Companies. Un nouveau souffle pour la 15e \u00e9dition est apparu en premier sur Polka Magazine.<\/p><\/div><\/li><li  style=\"padding: 15px 0 25px\" class=\"rss_item\"><div class=\"rss_image\" style=\"height:150px;width:150px;\"><a href=\"https:\/\/www.polkamagazine.com\/38e-edition-de-visa-pour-limage-une-photographie-en-quete-de-verites\/\" target=\"_blank\" rel=\" noopener\" title=\"38e \u00e9dition de Visa pour l\u2019image : une photographie en qu\u00eate de v\u00e9rit\u00e9s\" style=\"height:150px;width:150px;\"><img alt=\" \"decoding=\"async\" src=\"https:\/\/wp.upacphotoclub.fr\/wp-content\/uploads\/Polka.jpg\" title=\" \" style=\"height:150px;width:150px;\"><\/a><\/div><span class=\"title\"><a href=\"https:\/\/www.polkamagazine.com\/38e-edition-de-visa-pour-limage-une-photographie-en-quete-de-verites\/\" target=\"_blank\" rel=\" noopener\">38e \u00e9dition de Visa pour l\u2019image : une photographie en qu\u00eate de v\u00e9rit\u00e9s<\/a><\/span><div class=\"rss_content\" style=\"\"><small>par <a href=\"\/\/www.polkamagazine.com\" target=\"_blank\" title=\"www.polkamagazine.com\">L\u00e9onor Matet<\/a> le 28 ao\u00fbt 2026 \u00e0 9h00 <\/small><p>L\u2019article 38e \u00e9dition de Visa pour l\u2019image : une photographie en qu\u00eate de v\u00e9rit\u00e9s est apparu en premier sur Polka Magazine.<\/p><\/div><\/li><li  style=\"padding: 15px 0 25px\" class=\"rss_item\"><div class=\"rss_image\" style=\"height:150px;width:150px;\"><a href=\"https:\/\/www.polkamagazine.com\/pink_ribbon_photo_award_zanello\/\" target=\"_blank\" rel=\" noopener\" title=\"Pink Ribbon Photo Award by Est\u00e9e Lauder Companies : l\u2019affiche racont\u00e9e par Emma Zanello\" style=\"height:150px;width:150px;\"><img alt=\" \"decoding=\"async\" src=\"https:\/\/wp.upacphotoclub.fr\/wp-content\/uploads\/Polka.jpg\" title=\" \" style=\"height:150px;width:150px;\"><\/a><\/div><span class=\"title\"><a href=\"https:\/\/www.polkamagazine.com\/pink_ribbon_photo_award_zanello\/\" target=\"_blank\" rel=\" noopener\">Pink Ribbon Photo Award by Est\u00e9e Lauder Companies : l\u2019affiche racont\u00e9e par Emma Zanello<\/a><\/span><div class=\"rss_content\" style=\"\"><small>par <a href=\"\/\/www.polkamagazine.com\" target=\"_blank\" title=\"www.polkamagazine.com\">L\u00e9onor Matet<\/a> le 31 juillet 2026 \u00e0 12h10 <\/small><p>D\u00e9couvrez les coulisses derri\u00e8re l'affiche du Pink Ribbon Photo Award by Est\u00e9e Lauder Companies\nL\u2019article Pink Ribbon Photo Award by Est\u00e9e Lauder Companies : l\u2019affiche racont\u00e9e par Emma [&hellip;]<\/p><\/div><\/li><li  style=\"padding: 15px 0 25px\" class=\"rss_item\"><div class=\"rss_image\" style=\"height:150px;width:150px;\"><a href=\"https:\/\/www.polkamagazine.com\/les-laureats-de-lete-le-documentaire-dans-toute-sa-diversite\/\" target=\"_blank\" rel=\" noopener\" title=\"Les laur\u00e9ats de l\u2019\u00e9t\u00e9 : le documentaire dans toute sa diversit\u00e9 !\" style=\"height:150px;width:150px;\"><img alt=\" \"decoding=\"async\" src=\"https:\/\/wp.upacphotoclub.fr\/wp-content\/uploads\/Polka.jpg\" title=\" \" style=\"height:150px;width:150px;\"><\/a><\/div><span class=\"title\"><a href=\"https:\/\/www.polkamagazine.com\/les-laureats-de-lete-le-documentaire-dans-toute-sa-diversite\/\" target=\"_blank\" rel=\" noopener\">Les laur\u00e9ats de l\u2019\u00e9t\u00e9 : le documentaire dans toute sa diversit\u00e9 !<\/a><\/span><div class=\"rss_content\" style=\"\"><small>par <a href=\"\/\/www.polkamagazine.com\" target=\"_blank\" title=\"www.polkamagazine.com\">Marion Leopold<\/a> le 23 juillet 2026 \u00e0 15h51 <\/small><p>Voyagez avec les laur\u00e9ats de l'\u00e9t\u00e9 : la s\u00e9lection de Polka ! \nL\u2019article Les laur\u00e9ats de l\u2019\u00e9t\u00e9 : le documentaire dans toute sa diversit\u00e9 ! est apparu en premier sur Polka Magazine.<\/p><\/div><\/li><\/ul> <\/div><style type=\"text\/css\" media=\"all\">.feedzy-rss .rss_item .rss_image{float:left;position:relative;border:none;text-decoration:none;max-width:100%}.feedzy-rss .rss_item .rss_image span{display:inline-block;position:absolute;width:100%;height:100%;background-position:50%;background-size:cover}.feedzy-rss .rss_item .rss_image{margin:.3em 1em 0 0;content-visibility:auto}.feedzy-rss ul{list-style:none}.feedzy-rss ul li{display:inline-block}<\/style>\n\t\t<\/div>\n\t\t\t\t\t<\/div>\n\n\t\n<\/div>\n<div class=\"row row-full-width\"  id=\"row-1384337329\">\n\n\t<div id=\"col-1884364025\" class=\"col medium-6 large-6\"  >\n\t\t\t\t<div class=\"col-inner\"  >\n\t\t\t\n\t\t\t\n<h2 style=\"text-align: center;\">Lens Culture<\/h2>\n<div class=\"feedzy-2c0903d84f7a807268dda08f0e24fb4f feedzy-rss\"><ul><li  style=\"padding: 15px 0 25px\" class=\"rss_item\"><div class=\"rss_image\" style=\"height:150px;width:150px;\"><a href=\"https:\/\/www.lensculture.com\/articles\/nicola-muirhead-descendants-of-summer\" target=\"_blank\" rel=\" noopener\" title=\"Descendants of Summer\" style=\"height:150px;width:150px;\"><img alt=\" \"decoding=\"async\" src=\"https:\/\/wp.upacphotoclub.fr\/wp-content\/uploads\/LensCulture.jpg\" title=\" \" style=\"height:150px;width:150px;\"><\/a><\/div><span class=\"title\"><a href=\"https:\/\/www.lensculture.com\/articles\/nicola-muirhead-descendants-of-summer\" target=\"_blank\" rel=\" noopener\">Descendants of Summer<\/a><\/span><div class=\"rss_content\" style=\"\"><small>le 1 septembre 2026 \u00e0 0h00 <\/small><p>Beneath Bermuda\u2019s image of paradise, Nicola Muirhead uncovers a complex inheritance of slavery, migration, resilience and community carried across [&hellip;]<\/p><\/div><\/li><li  style=\"padding: 15px 0 25px\" class=\"rss_item\"><div class=\"rss_image\" style=\"height:150px;width:150px;\"><a href=\"https:\/\/www.lensculture.com\/articles\/sasha-velichko-state-of-denial-2\" target=\"_blank\" rel=\" noopener\" title=\"State of Denial\" style=\"height:150px;width:150px;\"><img alt=\" \"decoding=\"async\" src=\"https:\/\/wp.upacphotoclub.fr\/wp-content\/uploads\/LensCulture.jpg\" title=\" \" style=\"height:150px;width:150px;\"><\/a><\/div><span class=\"title\"><a href=\"https:\/\/www.lensculture.com\/articles\/sasha-velichko-state-of-denial-2\" target=\"_blank\" rel=\" noopener\">State of Denial<\/a><\/span><div class=\"rss_content\" style=\"\"><small>le 31 ao\u00fbt 2026 \u00e0 0h00 <\/small><p>A political exile from Belarus, Sasha Velichko uses uncanny staged photography and AI-generated visuals to tell the buried stories of everyday [&hellip;]<\/p><\/div><\/li><li  style=\"padding: 15px 0 25px\" class=\"rss_item\"><div class=\"rss_image\" style=\"height:150px;width:150px;\"><a href=\"https:\/\/www.lensculture.com\/articles\/maryna-syrovatka-when-life-begins-again-at-60-playful-portraits-of-displaced-ukrainians\" target=\"_blank\" rel=\" noopener\" title=\"When Life Begins Again at 60: Playful Portraits of Displaced Ukrainians\" style=\"height:150px;width:150px;\"><img alt=\" \"decoding=\"async\" src=\"https:\/\/wp.upacphotoclub.fr\/wp-content\/uploads\/LensCulture.jpg\" title=\" \" style=\"height:150px;width:150px;\"><\/a><\/div><span class=\"title\"><a href=\"https:\/\/www.lensculture.com\/articles\/maryna-syrovatka-when-life-begins-again-at-60-playful-portraits-of-displaced-ukrainians\" target=\"_blank\" rel=\" noopener\">When Life Begins Again at 60: Playful Portraits of Displaced Ukrainians<\/a><\/span><div class=\"rss_content\" style=\"\"><small>le 25 ao\u00fbt 2026 \u00e0 0h00 <\/small><p>Following a group of Ukrainians who fled the war to Bratislava, this collection of portraits balance sadness and humor to explore what it\u2019s like to [&hellip;]<\/p><\/div><\/li><li  style=\"padding: 15px 0 25px\" class=\"rss_item\"><div class=\"rss_image\" style=\"height:150px;width:150px;\"><a href=\"https:\/\/www.lensculture.com\/articles\/olga-steinepreis-my-mother-doesn-t-work-motherhood-and-invisible-labor-in-pictures\" target=\"_blank\" rel=\" noopener\" title=\"My Mother Doesn\u2019t Work: Motherhood and Invisible Labor in Pictures\" style=\"height:150px;width:150px;\"><img alt=\" \"decoding=\"async\" src=\"https:\/\/wp.upacphotoclub.fr\/wp-content\/uploads\/LensCulture.jpg\" title=\" \" style=\"height:150px;width:150px;\"><\/a><\/div><span class=\"title\"><a href=\"https:\/\/www.lensculture.com\/articles\/olga-steinepreis-my-mother-doesn-t-work-motherhood-and-invisible-labor-in-pictures\" target=\"_blank\" rel=\" noopener\">My Mother Doesn\u2019t Work: Motherhood and Invisible Labor in Pictures<\/a><\/span><div class=\"rss_content\" style=\"\"><small>le 19 ao\u00fbt 2026 \u00e0 0h00 <\/small><p>What does it mean to \u201cnot work\u201d when your days are consumed by keeping a family and household together? Olga Steinepreis answers with wit, [&hellip;]<\/p><\/div><\/li><li  style=\"padding: 15px 0 25px\" class=\"rss_item\"><div class=\"rss_image\" style=\"height:150px;width:150px;\"><a href=\"https:\/\/www.lensculture.com\/articles\/lartiere-edizioni-l-artiere-edizioni-photobooks-as-collectible-art-objects\" target=\"_blank\" rel=\" noopener\" title=\"L\u2019Artiere Edizioni: Photobooks as Collectible Art Objects\" style=\"height:150px;width:150px;\"><img alt=\" \"decoding=\"async\" src=\"https:\/\/wp.upacphotoclub.fr\/wp-content\/uploads\/LensCulture.jpg\" title=\" \" style=\"height:150px;width:150px;\"><\/a><\/div><span class=\"title\"><a href=\"https:\/\/www.lensculture.com\/articles\/lartiere-edizioni-l-artiere-edizioni-photobooks-as-collectible-art-objects\" target=\"_blank\" rel=\" noopener\">L\u2019Artiere Edizioni: Photobooks as Collectible Art Objects<\/a><\/span><div class=\"rss_content\" style=\"\"><small>le 7 ao\u00fbt 2026 \u00e0 0h00 <\/small><p>L\u2019Artiere Edizioni\u2019s Gianluca Gamberini talks about collaboration, experimentation and the magic of transforming a body of photographs into a [&hellip;]<\/p><\/div><\/li><\/ul> <\/div><style type=\"text\/css\" media=\"all\">.feedzy-rss .rss_item .rss_image{float:left;position:relative;border:none;text-decoration:none;max-width:100%}.feedzy-rss .rss_item .rss_image span{display:inline-block;position:absolute;width:100%;height:100%;background-position:50%;background-size:cover}.feedzy-rss .rss_item .rss_image{margin:.3em 1em 0 0;content-visibility:auto}.feedzy-rss ul{list-style:none}.feedzy-rss ul li{display:inline-block}<\/style>\n\t\t<\/div>\n\t\t\t\t\t<\/div>\n\n\t\n\n\t<div id=\"col-283016855\" class=\"col medium-6 large-6\"  >\n\t\t\t\t<div class=\"col-inner\"  >\n\t\t\t\n\t\t\t\n<h2 style=\"text-align: center;\">L&rsquo;Oeil de la Photographie<\/h2>\n<div class=\"feedzy-878b6983f78edbc2c0e8a945971585c2 feedzy-rss\"><ul>Le flux ne contient aucun \u00e9l\u00e9ment.<\/ul> <\/div>\n\t\t<\/div>\n\t\t\t\t\t<\/div>\n\n\t\n<\/div>\n<div class=\"row row-full-width\"  id=\"row-859457393\">\n\n\t<div id=\"col-514853948\" class=\"col medium-6 large-6\"  >\n\t\t\t\t<div class=\"col-inner\"  >\n\t\t\t\n\t\t\t\n<h2 style=\"text-align: center;\">Blind News<\/h2>\n<div class=\"feedzy-00b35764ab7762c2cbcf2bb77b04ad82 feedzy-rss\"><ul>Le flux ne contient aucun \u00e9l\u00e9ment.<\/ul> <\/div>\n\t\t<\/div>\n\t\t\t\t\t<\/div>\n\n\t\n\n\t<div id=\"col-316096855\" class=\"col medium-6 large-6\"  >\n\t\t\t\t<div class=\"col-inner\"  >\n\t\t\t\n\t\t\t\n<h2 style=\"text-align: center;\">Blind Stories<\/h2>\n<div class=\"feedzy-00be8ea944b2df2ce86feebf4d01fda6 feedzy-rss\"><ul>Le flux ne contient aucun \u00e9l\u00e9ment.<\/ul> <\/div>\n\t\t<\/div>\n\t\t\t\t\t<\/div>\n\n\t\n<\/div>\n<div class=\"is-divider divider clearfix\" style=\"max-width:1080px;height:1px;\"><\/div>\n<div class=\"social-icons share-icons share-row relative full-width text-center\" ><span class=\"share-icons-title\">Pour partager<\/span><a href=\"whatsapp:\/\/send?text=Photo%20World - https:\/\/nudeoexpo.art\/NoMore.photo\/photo-world\/\" data-action=\"share\/whatsapp\/share\" class=\"icon button circle is-outline tooltip whatsapp show-for-medium\" title=\"Partager sur WhatsApp\" aria-label=\"Partager sur WhatsApp\"><i class=\"icon-whatsapp\" aria-hidden=\"true\"><\/i><\/a><a href=\"https:\/\/www.facebook.com\/sharer.php?u=https:\/\/nudeoexpo.art\/NoMore.photo\/photo-world\/\" data-label=\"Facebook\" onclick=\"window.open(this.href,this.title,&#039;width=500,height=500,top=300px,left=300px&#039;); return false;\" target=\"_blank\" class=\"icon button circle is-outline tooltip facebook\" title=\"Partager sur Facebook\" aria-label=\"Partager sur Facebook\" rel=\"noopener nofollow\"><i class=\"icon-facebook\" aria-hidden=\"true\"><\/i><\/a><a href=\"https:\/\/twitter.com\/share?url=https:\/\/nudeoexpo.art\/NoMore.photo\/photo-world\/\" onclick=\"window.open(this.href,this.title,&#039;width=500,height=500,top=300px,left=300px&#039;); return false;\" target=\"_blank\" class=\"icon button circle is-outline tooltip twitter\" title=\"Partager sur Twitter\" aria-label=\"Partager sur Twitter\" rel=\"noopener nofollow\"><i class=\"icon-twitter\" aria-hidden=\"true\"><\/i><\/a><a href=\"mailto:?subject=Photo%20World&body=Regarde%20%C3%A7a%3A%20https%3A%2F%2Fnudeoexpo.art%2FNoMore.photo%2Fphoto-world%2F\" class=\"icon button circle is-outline tooltip email\" title=\"Envoyer par mail\" aria-label=\"Envoyer par mail\" rel=\"nofollow\"><i class=\"icon-envelop\" aria-hidden=\"true\"><\/i><\/a><a href=\"https:\/\/pinterest.com\/pin\/create\/button?url=https:\/\/nudeoexpo.art\/NoMore.photo\/photo-world\/&amp;media=https:\/\/nudeoexpo.art\/NoMore.photo\/wp-content\/uploads\/Matos-1024x142.jpg&amp;description=Photo%20World\" onclick=\"window.open(this.href,this.title,&#039;width=500,height=500,top=300px,left=300px&#039;); return false;\" target=\"_blank\" class=\"icon button circle is-outline tooltip pinterest\" title=\"Epingler sur Pinterest\" aria-label=\"Epingler sur Pinterest\" rel=\"noopener nofollow\"><i class=\"icon-pinterest\" aria-hidden=\"true\"><\/i><\/a><\/div>\n","protected":false},"excerpt":{"rendered":"","protected":false},"author":1,"featured_media":346,"parent":0,"menu_order":0,"comment_status":"closed","ping_status":"closed","template":"","meta":{"footnotes":""},"class_list":["post-327","page","type-page","status-publish","has-post-thumbnail","hentry"],"_links":{"self":[{"href":"https:\/\/nudeoexpo.art\/NoMore.photo\/wp-json\/wp\/v2\/pages\/327","targetHints":{"allow":["GET"]}}],"collection":[{"href":"https:\/\/nudeoexpo.art\/NoMore.photo\/wp-json\/wp\/v2\/pages"}],"about":[{"href":"https:\/\/nudeoexpo.art\/NoMore.photo\/wp-json\/wp\/v2\/types\/page"}],"author":[{"embeddable":true,"href":"https:\/\/nudeoexpo.art\/NoMore.photo\/wp-json\/wp\/v2\/users\/1"}],"replies":[{"embeddable":true,"href":"https:\/\/nudeoexpo.art\/NoMore.photo\/wp-json\/wp\/v2\/comments?post=327"}],"version-history":[{"count":20,"href":"https:\/\/nudeoexpo.art\/NoMore.photo\/wp-json\/wp\/v2\/pages\/327\/revisions"}],"predecessor-version":[{"id":497,"href":"https:\/\/nudeoexpo.art\/NoMore.photo\/wp-json\/wp\/v2\/pages\/327\/revisions\/497"}],"wp:featuredmedia":[{"embeddable":true,"href":"https:\/\/nudeoexpo.art\/NoMore.photo\/wp-json\/wp\/v2\/media\/346"}],"wp:attachment":[{"href":"https:\/\/nudeoexpo.art\/NoMore.photo\/wp-json\/wp\/v2\/media?parent=327"}],"curies":[{"name":"wp","href":"https:\/\/api.w.org\/{rel}","templated":true}]}}